{"id":12352,"date":"2016-01-29T13:38:48","date_gmt":"2016-01-29T13:38:48","guid":{"rendered":"http:\/\/electroimplicate.es\/?page_id=12352"},"modified":"2016-11-16T15:58:46","modified_gmt":"2016-11-16T15:58:46","slug":"otras-entidades","status":"publish","type":"page","link":"https:\/\/www.fael.es\/electroimplicate\/otras-entidades\/","title":{"rendered":"Otras entidades"},"content":{"rendered":"<p style=\"text-align: justify;\">\n<p style=\"text-align: justify;\"><a href=\"https:\/\/www.fael.es\/electroimplicate\/wp-content\/uploads\/2016\/01\/cuadro-blanco1.png\"><img decoding=\"async\" loading=\"lazy\" class=\"aligncenter size-full wp-image-13238\" src=\"https:\/\/www.fael.es\/electroimplicate\/wp-content\/uploads\/2016\/01\/cuadro-blanco1.png\" alt=\"cuadro-blanco\" width=\"1502\" height=\"1127\" srcset=\"https:\/\/www.fael.es\/electroimplicate\/wp-content\/uploads\/2016\/01\/cuadro-blanco1.png 1502w, https:\/\/www.fael.es\/electroimplicate\/wp-content\/uploads\/2016\/01\/cuadro-blanco1-300x225.png 300w, https:\/\/www.fael.es\/electroimplicate\/wp-content\/uploads\/2016\/01\/cuadro-blanco1-1024x768.png 1024w\" sizes=\"(max-width: 1502px) 100vw, 1502px\" \/><\/a><\/p>\n<p style=\"text-align: justify;\"><strong>OTRAS ENTIDADES<\/strong><\/p>\n<p style=\"text-align: justify;\">Si eres una entidad p\u00fablica o privada, y quieres colaborar con\u00a0 FAEL en la difusi\u00f3n de la Campa\u00f1a \u00abLa naturaleza no necesita que le echemos ning\u00fan cable\u00bb, puedes hacerlo cumplimentando la ficha de adhesi\u00f3n que facilitamos a continuaci\u00f3n o bien, contactando directamente en el departamento t\u00e9cnico de FAEL en el tel\u00e9fono 954.31.31.86<\/p>\n<p style=\"text-align: justify;\">Una vez cumplimentada la ficha de adhesi\u00f3n, puedes remitirla a la direcci\u00f3n de correo electr\u00f3nico \u00abfael@fael.es\u00bb, y desde FAEL nos pondremos en contacto con vosotros para facilitaros toda la informaci\u00f3n al respecto.<\/p>\n<p style=\"text-align: justify;\"><a href=\"http:\/\/electroimplicate.es\/wp-content\/uploads\/2016\/01\/SOLICITUD-DE-ADHESION-A-CAMPA\u00d1A-Centros-educativos.docx\">ADHI\u00c9RETE Y COLABORA<\/a><\/p>\n<p style=\"text-align: justify;\"><strong><br \/>\nEMPRESAS COLABORADORAS<\/strong><\/p>\n<p style=\"text-align: justify;\">\n<table id=\"tablepress-46\" class=\"tablepress tablepress-id-46\">\n<thead>\n<tr class=\"row-1 odd\">\n\t<th class=\"column-1\">Empresa<\/th><th class=\"column-2\">Sitio web<\/th>\n<\/tr>\n<\/thead>\n<tbody class=\"row-hover\">\n<tr class=\"row-2 even\">\n\t<td class=\"column-1\">FAEL<\/td><td class=\"column-2\"><a href=\"http:\/\/fael.es\/\">[Ir]<\/a><\/td>\n<\/tr>\n<tr class=\"row-3 odd\">\n\t<td class=\"column-1\">FUNDACI\u00d3N ECOLEC<\/td><td class=\"column-2\"><a href=\"http:\/\/www.ecolec.es\/\">[Ir]<\/a><\/td>\n<\/tr>\n<tr class=\"row-4 even\">\n\t<td class=\"column-1\">EUROPEAN RECYCLING PLATFORM<\/td><td class=\"column-2\"><a href=\"http:\/\/www.erp-recycling.es\/\">[Ir]<\/a><\/td>\n<\/tr>\n<tr class=\"row-5 odd\">\n\t<td class=\"column-1\">ECOASIMELEC<\/td><td class=\"column-2\"><a href=\"https:\/\/www.raee-asimelec.es\/\">[Ir]<\/a><\/td>\n<\/tr>\n<tr class=\"row-6 even\">\n\t<td class=\"column-1\">RECILEC<\/td><td class=\"column-2\"><a href=\"http:\/\/www.recilec.com\/\">[Ir]<\/a><\/td>\n<\/tr>\n<tr class=\"row-7 odd\">\n\t<td class=\"column-1\">OCA INSTITUTO DE CERTIFICACI\u00d3N, S.L.U.<\/td><td class=\"column-2\"><a href=\"http:\/\/www.ocacert.com\/\">[Ir]<\/a><\/td>\n<\/tr>\n<tr class=\"row-8 even\">\n\t<td class=\"column-1\">SANTA LUC\u00cdA SEGUROS<\/td><td class=\"column-2\"><a href=\"http:\/\/www.santalucia.es\/?gclid=CKCLuoWS3soCFQHkwgodvRQH9g\">[Ir]<\/a><\/td>\n<\/tr>\n<tr class=\"row-9 odd\">\n\t<td class=\"column-1\">ASDINA<\/td><td class=\"column-2\"><a href=\"http:\/\/www.asdina.es\/\">[Ir]<\/a><\/td>\n<\/tr>\n<tr class=\"row-10 even\">\n\t<td class=\"column-1\">FEDERACI\u00d3N ESPA\u00d1OLA DE COMERCIANTES DE ELECTRODOM\u00c9STICOS (FECE)<\/td><td class=\"column-2\"><a href=\"http:\/\/fece.org\/\">[Ir]<\/a><\/td>\n<\/tr>\n<tr class=\"row-11 odd\">\n\t<td class=\"column-1\">CONFEDERACI\u00d3N EMPRESARIAL DE COMERCIO DE ANALUC\u00cdA (CECA)<\/td><td class=\"column-2\"><a href=\"http:\/\/www.ceca.es\/\">[Ir]<\/a><\/td>\n<\/tr>\n<tr class=\"row-12 even\">\n\t<td class=\"column-1\">BITTA COMUNICACI\u00d3N Y TECNOLOG\u00cdA SL<\/td><td class=\"column-2\"><a href=\"http:\/\/www.bitta.es\/\">[Ir]<\/a><\/td>\n<\/tr>\n<tr class=\"row-13 odd\">\n\t<td class=\"column-1\">UNI\u00d3N DE CONSUMIDORES DE ANDALUC\u00cdA (UCA-UCE)<\/td><td class=\"column-2\"><a href=\"http:\/\/www.uniondeconsumidores.com\/\">[Ir]<\/a><\/td>\n<\/tr>\n<tr class=\"row-14 even\">\n\t<td class=\"column-1\">PREVING CONSULTORES, S.L.U.<\/td><td class=\"column-2\"><a href=\"http:\/\/www.preving.com\/\">[Ir]<\/a><\/td>\n<\/tr>\n<tr class=\"row-15 odd\">\n\t<td class=\"column-1\">TOTAL DAT<\/td><td class=\"column-2\"><a href=\"http:\/\/www.totaldat.es\/lopd\/\">[Ir]<\/a><\/td>\n<\/tr>\n<tr class=\"row-16 even\">\n\t<td class=\"column-1\">IBERGAS GESTI\u00d3N E INSTALACIONES SL<\/td><td class=\"column-2\"><a href=\"http:\/\/www.ibersogas.es\/\">[Ir]<\/a><\/td>\n<\/tr>\n<tr class=\"row-17 odd\">\n\t<td class=\"column-1\">CODECO S.A.<\/td><td class=\"column-2\"><a href=\"http:\/\/www.milar.es\/es\/radgismaps\/index\">[Ir]<\/a><\/td>\n<\/tr>\n<tr class=\"row-18 even\">\n\t<td class=\"column-1\">ACTIVA LUCAS, SL<\/td><td class=\"column-2\"><a href=\"http:\/\/activamalaga.com\/\">[Ir]<\/a><\/td>\n<\/tr>\n<tr class=\"row-19 odd\">\n\t<td class=\"column-1\">DESCUBRE COMUNICACI\u00d3N<\/td><td class=\"column-2\"><a href=\"http:\/\/www.descubrecomunicacion.com\/\">[Ir]<\/a><\/td>\n<\/tr>\n<tr class=\"row-20 even\">\n\t<td class=\"column-1\">EUROCOOK 2015<\/td><td class=\"column-2\"><a href=\"http:\/\/www.eurocook.es\/\">[Ir]<\/a><\/td>\n<\/tr>\n<tr class=\"row-21 odd\">\n\t<td class=\"column-1\">AL-ANDALUS<\/td><td class=\"column-2\"><a href=\"http:\/\/www.fed-alandalus.es\/\">[Ir]<\/a><\/td>\n<\/tr>\n<tr class=\"row-22 even\">\n\t<td class=\"column-1\">TIANELSUR SL<\/td><td class=\"column-2\"><a href=\"http:\/\/www.tien21.es\/es\/radgismaps\/index\">[Ir]<\/a><\/td>\n<\/tr>\n<\/tbody>\n<\/table>\n<!-- #tablepress-46 from cache --><\/p>\n","protected":false},"excerpt":{"rendered":"<p>OTRAS ENTIDADES Si eres una entidad p\u00fablica o privada, y quieres colaborar con\u00a0 FAEL en la difusi\u00f3n de la Campa\u00f1a \u00abLa naturaleza no necesita que le echemos ning\u00fan cable\u00bb, puedes hacerlo cumplimentando la ficha de adhesi\u00f3n que facilitamos a continuaci\u00f3n o bien, contactando directamente en el departamento t\u00e9cnico de FAEL en el tel\u00e9fono 954.31.31.86 Una [&hellip;]<\/p>\n","protected":false},"author":1,"featured_media":0,"parent":0,"menu_order":0,"comment_status":"closed","ping_status":"closed","template":"","meta":[],"_links":{"self":[{"href":"https:\/\/www.fael.es\/electroimplicate\/wp-json\/wp\/v2\/pages\/12352"}],"collection":[{"href":"https:\/\/www.fael.es\/electroimplicate\/wp-json\/wp\/v2\/pages"}],"about":[{"href":"https:\/\/www.fael.es\/electroimplicate\/wp-json\/wp\/v2\/types\/page"}],"author":[{"embeddable":true,"href":"https:\/\/www.fael.es\/electroimplicate\/wp-json\/wp\/v2\/users\/1"}],"replies":[{"embeddable":true,"href":"https:\/\/www.fael.es\/electroimplicate\/wp-json\/wp\/v2\/comments?post=12352"}],"version-history":[{"count":9,"href":"https:\/\/www.fael.es\/electroimplicate\/wp-json\/wp\/v2\/pages\/12352\/revisions"}],"predecessor-version":[{"id":13239,"href":"https:\/\/www.fael.es\/electroimplicate\/wp-json\/wp\/v2\/pages\/12352\/revisions\/13239"}],"wp:attachment":[{"href":"https:\/\/www.fael.es\/electroimplicate\/wp-json\/wp\/v2\/media?parent=12352"}],"curies":[{"name":"wp","href":"https:\/\/api.w.org\/{rel}","templated":true}]}}